{"id":1313,"date":"2020-10-22T00:22:04","date_gmt":"2020-10-22T03:22:04","guid":{"rendered":"http:\/\/sinspeb.org.br\/?page_id=1313"},"modified":"2025-08-22T16:14:22","modified_gmt":"2025-08-22T19:14:22","slug":"diretoria","status":"publish","type":"page","link":"https:\/\/sinspeb.org.br\/?page_id=1313","title":{"rendered":"DIRETORIA"},"content":{"rendered":"<style type=\"text\/css\">\n#foogallery-gallery-1628 .fg-image { width: 250px; }\n#foogallery-gallery-1628 { --fg-gutter: 10px; }<\/style>\n\t\t\t<div class=\"foogallery foogallery-container foogallery-default foogallery-lightbox-foobox fg-left fg-default fg-ready fg-light fg-border-thin fg-shadow-outline fg-loading-default fg-loaded-fade-in fg-caption-hover fg-hover-fade fg-hover-zoom\" id=\"foogallery-gallery-1628\" data-foogallery=\"{&quot;item&quot;:{&quot;showCaptionTitle&quot;:true,&quot;showCaptionDescription&quot;:true},&quot;lazy&quot;:true}\" >\n\t<div class=\"fg-item fg-type-image fg-idle\"><figure class=\"fg-item-inner\"><a href=\"https:\/\/sinspeb.org.br\/wp-content\/uploads\/2020\/10\/reivon-400x500-1.jpg\" data-caption-title=\"REIVON PIMENTEL - Presidente\" data-attachment-id=\"1636\" data-type=\"image\" class=\"fg-thumb\"><span class=\"fg-image-wrap\"><img fetchpriority=\"high\" decoding=\"async\" title=\"REIVON PIMENTEL - Presidente\" width=\"250\" height=\"400\" class=\"skip-lazy fg-image\" data-src-fg=\"https:\/\/sinspeb.org.br\/wp-content\/uploads\/cache\/2020\/10\/reivon-400x500-1\/3080661939.jpg\" src=\"data:image\/svg+xml,%3Csvg%20xmlns%3D%22http%3A%2F%2Fwww.w3.org%2F2000%2Fsvg%22%20width%3D%22250%22%20height%3D%22400%22%20viewBox%3D%220%200%20250%20400%22%3E%3C%2Fsvg%3E\" loading=\"eager\"><\/span><span class=\"fg-image-overlay\"><\/span><\/a><figcaption class=\"fg-caption\"><div class=\"fg-caption-inner\"><div class=\"fg-caption-title\">REIVON PIMENTEL - Presidente<\/div><\/div><\/figcaption><\/figure><div class=\"fg-loader\"><\/div><\/div><div class=\"fg-item fg-type-image fg-idle\"><figure class=\"fg-item-inner\"><a href=\"https:\/\/sinspeb.org.br\/wp-content\/uploads\/2020\/10\/anderson-400x500-1.jpg\" data-caption-title=\"ANDERSON ALBUQUERQUE - Coordenador de Finan\u00e7as\" data-attachment-id=\"1629\" data-type=\"image\" class=\"fg-thumb\"><span class=\"fg-image-wrap\"><img decoding=\"async\" title=\"ANDERSON ALBUQUERQUE - Coordenador de Finan\u00e7as\" width=\"250\" height=\"400\" class=\"skip-lazy fg-image\" data-src-fg=\"https:\/\/sinspeb.org.br\/wp-content\/uploads\/cache\/2020\/10\/anderson-400x500-1\/1991731927.jpg\" src=\"data:image\/svg+xml,%3Csvg%20xmlns%3D%22http%3A%2F%2Fwww.w3.org%2F2000%2Fsvg%22%20width%3D%22250%22%20height%3D%22400%22%20viewBox%3D%220%200%20250%20400%22%3E%3C%2Fsvg%3E\" loading=\"eager\"><\/span><span class=\"fg-image-overlay\"><\/span><\/a><figcaption class=\"fg-caption\"><div class=\"fg-caption-inner\"><div class=\"fg-caption-title\">ANDERSON ALBUQUERQUE - Coordenador de Finan\u00e7as<\/div><\/div><\/figcaption><\/figure><div class=\"fg-loader\"><\/div><\/div><div class=\"fg-item fg-type-image fg-idle\"><figure class=\"fg-item-inner\"><a href=\"https:\/\/sinspeb.org.br\/wp-content\/uploads\/2020\/10\/fernando-400x500-1.jpg\" data-caption-title=\"FERNANDO FERNANDES - Vice Presidente\" data-attachment-id=\"1631\" data-type=\"image\" class=\"fg-thumb\"><span class=\"fg-image-wrap\"><img decoding=\"async\" title=\"FERNANDO FERNANDES - Vice Presidente\" width=\"250\" height=\"400\" class=\"skip-lazy fg-image\" data-src-fg=\"https:\/\/sinspeb.org.br\/wp-content\/uploads\/cache\/2020\/10\/fernando-400x500-1\/496835543.jpg\" src=\"data:image\/svg+xml,%3Csvg%20xmlns%3D%22http%3A%2F%2Fwww.w3.org%2F2000%2Fsvg%22%20width%3D%22250%22%20height%3D%22400%22%20viewBox%3D%220%200%20250%20400%22%3E%3C%2Fsvg%3E\" loading=\"eager\"><\/span><span class=\"fg-image-overlay\"><\/span><\/a><figcaption class=\"fg-caption\"><div class=\"fg-caption-inner\"><div class=\"fg-caption-title\">FERNANDO FERNANDES - Vice Presidente<\/div><\/div><\/figcaption><\/figure><div class=\"fg-loader\"><\/div><\/div><div class=\"fg-item fg-type-image fg-idle\"><figure class=\"fg-item-inner\"><a href=\"https:\/\/sinspeb.org.br\/wp-content\/uploads\/2020\/10\/jorge-400x500-1.jpg\" data-caption-title=\"JORGE BASTOS - Coord. de Promo\u00e7\u00f5es e Eventos\" data-attachment-id=\"1632\" data-type=\"image\" class=\"fg-thumb\"><span class=\"fg-image-wrap\"><img decoding=\"async\" title=\"JORGE BASTOS - Coord. de Promo\u00e7\u00f5es e Eventos\" width=\"250\" height=\"400\" class=\"skip-lazy fg-image\" data-src-fg=\"https:\/\/sinspeb.org.br\/wp-content\/uploads\/cache\/2020\/10\/jorge-400x500-1\/1685607923.jpg\" src=\"data:image\/svg+xml,%3Csvg%20xmlns%3D%22http%3A%2F%2Fwww.w3.org%2F2000%2Fsvg%22%20width%3D%22250%22%20height%3D%22400%22%20viewBox%3D%220%200%20250%20400%22%3E%3C%2Fsvg%3E\" loading=\"eager\"><\/span><span class=\"fg-image-overlay\"><\/span><\/a><figcaption class=\"fg-caption\"><div class=\"fg-caption-inner\"><div class=\"fg-caption-title\">JORGE BASTOS - Coord. de Promo\u00e7\u00f5es e Eventos<\/div><\/div><\/figcaption><\/figure><div class=\"fg-loader\"><\/div><\/div><div class=\"fg-item fg-type-image fg-idle\"><figure class=\"fg-item-inner\"><a href=\"https:\/\/sinspeb.org.br\/wp-content\/uploads\/2020\/10\/eliandro-400x500-1.jpg\" data-caption-title=\"ELIANDRO OLIVEIRA - Coordenador de Organiza\u00e7\u00e3o\" data-attachment-id=\"1630\" data-type=\"image\" class=\"fg-thumb\"><span class=\"fg-image-wrap\"><img decoding=\"async\" title=\"ELIANDRO OLIVEIRA - Coordenador de Organiza\u00e7\u00e3o\" width=\"250\" height=\"400\" class=\"skip-lazy fg-image\" data-src-fg=\"https:\/\/sinspeb.org.br\/wp-content\/uploads\/cache\/2020\/10\/eliandro-400x500-1\/391071687.jpg\" src=\"data:image\/svg+xml,%3Csvg%20xmlns%3D%22http%3A%2F%2Fwww.w3.org%2F2000%2Fsvg%22%20width%3D%22250%22%20height%3D%22400%22%20viewBox%3D%220%200%20250%20400%22%3E%3C%2Fsvg%3E\" loading=\"eager\"><\/span><span class=\"fg-image-overlay\"><\/span><\/a><figcaption class=\"fg-caption\"><div class=\"fg-caption-inner\"><div class=\"fg-caption-title\">ELIANDRO OLIVEIRA - Coordenador de Organiza\u00e7\u00e3o<\/div><\/div><\/figcaption><\/figure><div class=\"fg-loader\"><\/div><\/div><div class=\"fg-item fg-type-image fg-idle\"><figure class=\"fg-item-inner\"><a href=\"https:\/\/sinspeb.org.br\/wp-content\/uploads\/2020\/10\/ramon-carvalho-400x500-1.jpg\" data-caption-title=\"RAMON CARVALHO - Coordenador Jur\u00eddico\" data-attachment-id=\"1635\" data-type=\"image\" class=\"fg-thumb\"><span class=\"fg-image-wrap\"><img decoding=\"async\" title=\"RAMON CARVALHO - Coordenador Jur\u00eddico\" width=\"250\" height=\"400\" class=\"skip-lazy fg-image\" data-src-fg=\"https:\/\/sinspeb.org.br\/wp-content\/uploads\/cache\/2020\/10\/ramon-carvalho-400x500-1\/4017032410.jpg\" src=\"data:image\/svg+xml,%3Csvg%20xmlns%3D%22http%3A%2F%2Fwww.w3.org%2F2000%2Fsvg%22%20width%3D%22250%22%20height%3D%22400%22%20viewBox%3D%220%200%20250%20400%22%3E%3C%2Fsvg%3E\" loading=\"eager\"><\/span><span class=\"fg-image-overlay\"><\/span><\/a><figcaption class=\"fg-caption\"><div class=\"fg-caption-inner\"><div class=\"fg-caption-title\">RAMON CARVALHO - Coordenador Jur\u00eddico<\/div><\/div><\/figcaption><\/figure><div class=\"fg-loader\"><\/div><\/div><div class=\"fg-item fg-type-image fg-idle\"><figure class=\"fg-item-inner\"><a href=\"https:\/\/sinspeb.org.br\/wp-content\/uploads\/2020\/10\/jose-400x500-1.jpg\" data-caption-title=\"JOS\u00c9 RAMALHO - \nCoordenador de Interior\" data-attachment-id=\"1633\" data-type=\"image\" class=\"fg-thumb\"><span class=\"fg-image-wrap\"><img decoding=\"async\" title=\"JOS\u00c9 RAMALHO - \nCoordenador de Interior\" width=\"250\" height=\"400\" class=\"skip-lazy fg-image\" data-src-fg=\"https:\/\/sinspeb.org.br\/wp-content\/uploads\/cache\/2020\/10\/jose-400x500-1\/2356171.jpg\" src=\"data:image\/svg+xml,%3Csvg%20xmlns%3D%22http%3A%2F%2Fwww.w3.org%2F2000%2Fsvg%22%20width%3D%22250%22%20height%3D%22400%22%20viewBox%3D%220%200%20250%20400%22%3E%3C%2Fsvg%3E\" loading=\"eager\"><\/span><span class=\"fg-image-overlay\"><\/span><\/a><figcaption class=\"fg-caption\"><div class=\"fg-caption-inner\"><div class=\"fg-caption-title\">JOS\u00c9 RAMALHO - \nCoordenador de Interior<\/div><\/div><\/figcaption><\/figure><div class=\"fg-loader\"><\/div><\/div><div class=\"fg-item fg-type-image fg-idle\"><figure class=\"fg-item-inner\"><a href=\"https:\/\/sinspeb.org.br\/wp-content\/uploads\/2020\/10\/manoel-400x500-1.jpg\" data-caption-title=\"MANOEL MARCELO - Diretor Dept.Pesquisa e Estat\u00edstica\" data-attachment-id=\"1634\" data-type=\"image\" class=\"fg-thumb\"><span class=\"fg-image-wrap\"><img decoding=\"async\" title=\"MANOEL MARCELO - Diretor Dept.Pesquisa e Estat\u00edstica\" width=\"250\" height=\"400\" class=\"skip-lazy fg-image\" data-src-fg=\"https:\/\/sinspeb.org.br\/wp-content\/uploads\/cache\/2020\/10\/manoel-400x500-1\/4084114458.jpg\" src=\"data:image\/svg+xml,%3Csvg%20xmlns%3D%22http%3A%2F%2Fwww.w3.org%2F2000%2Fsvg%22%20width%3D%22250%22%20height%3D%22400%22%20viewBox%3D%220%200%20250%20400%22%3E%3C%2Fsvg%3E\" loading=\"eager\"><\/span><span class=\"fg-image-overlay\"><\/span><\/a><figcaption class=\"fg-caption\"><div class=\"fg-caption-inner\"><div class=\"fg-caption-title\">MANOEL MARCELO - Diretor Dept.Pesquisa e Estat\u00edstica<\/div><\/div><\/figcaption><\/figure><div class=\"fg-loader\"><\/div><\/div><\/div>\n\n<p>&nbsp;<\/p>\n<p><strong>PRECISANDO DE INFORMA\u00c7\u00d5ES, D\u00daVIDAS OU RECLAMA\u00c7\u00d5ES, FALE CONOSCO.<\/strong><\/p>\n<p><strong>Telefone:\u00a0<\/strong>(71) 3322-3522 \/ (71) 99105-9636<strong><em class=\"\"><br \/>\n<\/em>E-mail:<\/strong> sinspeb@outlook.com<\/p>\n<p>&nbsp;<\/p>\n<p>&nbsp;<\/p>\n","protected":false},"excerpt":{"rendered":"<p>&nbsp; PRECISANDO DE INFORMA\u00c7\u00d5ES, D\u00daVIDAS OU RECLAMA\u00c7\u00d5ES, FALE CONOSCO. Telefone:\u00a0(71) 3322-3522 \/ (71) 99105-9636 E-mail: sinspeb@outlook.com &nbsp; &nbsp;<\/p>\n","protected":false},"author":1,"featured_media":0,"parent":0,"menu_order":0,"comment_status":"closed","ping_status":"closed","template":"","meta":{"colormag_page_container_layout":"no_sidebar_full_width","colormag_page_sidebar_layout":"no_sidebar","footnotes":""},"class_list":["post-1313","page","type-page","status-publish","hentry"],"_links":{"self":[{"href":"https:\/\/sinspeb.org.br\/index.php?rest_route=\/wp\/v2\/pages\/1313","targetHints":{"allow":["GET"]}}],"collection":[{"href":"https:\/\/sinspeb.org.br\/index.php?rest_route=\/wp\/v2\/pages"}],"about":[{"href":"https:\/\/sinspeb.org.br\/index.php?rest_route=\/wp\/v2\/types\/page"}],"author":[{"embeddable":true,"href":"https:\/\/sinspeb.org.br\/index.php?rest_route=\/wp\/v2\/users\/1"}],"replies":[{"embeddable":true,"href":"https:\/\/sinspeb.org.br\/index.php?rest_route=%2Fwp%2Fv2%2Fcomments&post=1313"}],"version-history":[{"count":7,"href":"https:\/\/sinspeb.org.br\/index.php?rest_route=\/wp\/v2\/pages\/1313\/revisions"}],"predecessor-version":[{"id":3299,"href":"https:\/\/sinspeb.org.br\/index.php?rest_route=\/wp\/v2\/pages\/1313\/revisions\/3299"}],"wp:attachment":[{"href":"https:\/\/sinspeb.org.br\/index.php?rest_route=%2Fwp%2Fv2%2Fmedia&parent=1313"}],"curies":[{"name":"wp","href":"https:\/\/api.w.org\/{rel}","templated":true}]}}